{"id":384935,"date":"2024-07-01T14:06:11","date_gmt":"2024-07-01T12:06:11","guid":{"rendered":"https:\/\/gr-100.com\/producto\/especializado-turbo-vado-sl-4-0-eq-2023\/"},"modified":"2025-11-26T16:43:26","modified_gmt":"2025-11-26T14:43:26","slug":"especializado-turbo-vado-sl-4-0-eq-2023","status":"publish","type":"product","link":"https:\/\/gr-100.com\/pt-pt\/producto\/especializado-turbo-vado-sl-4-0-eq-2023\/","title":{"rendered":"Specialized Turbo Vado SL 4.0 EQ 2023"},"content":{"rendered":"<div>\n<p>Precisa de transportar a sua bicicleta?<br \/>\nN\u00e3o h\u00e1 problema.<br \/>\nPesando 40% menos do que a Ford de pot\u00eancia m\u00e1xima, n\u00e3o h\u00e1 outra e-bike com a mesma qualidade, alcance e pot\u00eancia de condu\u00e7\u00e3o.<br \/>\nTudo o que voc\u00ea precisa fazer \u00e9 embarcar e seguir em frente.   <\/p>\n<p>O Vado SL vem equipado com tudo o que voc\u00ea precisa para come\u00e7ar a andar logo de cara.<br \/>\nEm primeiro lugar, as luzes integradas extra-brilhantes proporcionam-lhe uma maior visibilidade em \u00e1reas com pouca luz.<br \/>\nA Unidade de Controlo MasterMind Turbo (TCU) facilita a apresenta\u00e7\u00e3o de informa\u00e7\u00f5es de condu\u00e7\u00e3o em movimento.<br \/>\nOs pneus Pathfinder rolam rapidamente dentro ou fora da estrada com grande ader\u00eancia, e o peso pena do Vado SL tamb\u00e9m o torna perfeito para desloca\u00e7\u00f5es urbanas e oferece muito mais do que apenas qualidade de condu\u00e7\u00e3o: significa que pode pendur\u00e1-lo numa parede ou no suporte de tejadilho do autom\u00f3vel.<br \/>\nPor isso, quer esteja a ir r\u00e1pido ou longe ou ambos, o Vado SL proporciona a confian\u00e7a necess\u00e1ria para fazer tudo com uma fra\u00e7\u00e3o do peso.   <\/p>\n<p>LEVEZA: Voc\u00ea vai se surpreender com a facilidade de carregar sua bicicleta em um rack, subir escadas ou se locomover pela cidade rapidamente, gra\u00e7as \u00e0 leveza l\u00edder da classe da tecnologia Turbo SL, materiais de quadro otimizados, design e especifica\u00e7\u00f5es.<\/p>\n<p>CONFORTO e CONFIAN\u00c7A: A posi\u00e7\u00e3o da carro\u00e7aria foi otimizada para um conforto, confian\u00e7a e controlo de condu\u00e7\u00e3o inigual\u00e1veis.<br \/>\nOs potentes trav\u00f5es de disco hidr\u00e1ulicos controlam a velocidade, enquanto os pneus maiores proporcionam a m\u00e1xima tra\u00e7\u00e3o para virar e travar. <\/p>\n<p>AUTONOMIA: Desfrute de grande autonomia, at\u00e9 130 km com uma \u00fanica carga.<br \/>\nPrecisa de mais?<br \/>\nPode adicionar uma autonomia de bateria opcional que cabe no compartimento da garrafa de \u00e1gua para ir ainda mais longe.  <\/p>\n<p>TURBO SL: O cora\u00e7\u00e3o do Vado \u00e9 a sua tecnologia Turbo SL, o sistema de e-bike avan\u00e7ado e integrado que oferece uma combina\u00e7\u00e3o inigual\u00e1vel de leveza, sensa\u00e7\u00e3o natural, recursos antirroubo, dicas de treinamento, um computador de bicicleta completo, alcance em qualquer lugar e muito mais.<\/p>\n<p>FICA MELHOR COM O TEMPO: Porque a nossa tecnologia nunca para de melhorar, a sua experi\u00eancia de condu\u00e7\u00e3o tamb\u00e9m n\u00e3o.<br \/>\nCom novas funcionalidades, apresenta\u00e7\u00f5es e atualiza\u00e7\u00f5es de firmware over-the-air, leve a sua experi\u00eancia de condu\u00e7\u00e3o para o pr\u00f3ximo n\u00edvel sempre que uma atualiza\u00e7\u00e3o estiver dispon\u00edvel. <\/p>\n<\/div>\n<ul>\n<li>O Turbo Vado SL tem uma bateria integrada de 320Wh com a capacidade de adicionar uma bateria auxiliar opcional para atingir um alcance de at\u00e9 190 km.<\/li>\n<li>Motor Specialized SL 1.1 personalizado e leve, pico de 240w\/ 35Nm, amplifica\u00e7\u00e3o de pot\u00eancia 2x u (180% de assist\u00eancia), auxilia at\u00e9 25km\/h.<\/li>\n<li>Bagageiro traseiro Turbo SL, compat\u00edvel com o sistema Racktime para seus pacotes e mochilas e com para-lamas DRYTECH para mant\u00ea-lo seco.<\/li>\n<li>Quadro de alum\u00ednio E5 ultraleve.<\/li>\n<li>Fia\u00e7\u00e3o interna.<br \/>\nRoscas de rack\/para-lamas e gr\u00e1ficos reflexivos. <\/li>\n<li>Freios a disco hidr\u00e1ulicos premium para um poder de parada excecional.<\/li>\n<li>Luzes dianteiras e traseiras integradas para ver e ser visto.<\/li>\n<li>AN\u00c9IS PRAXIS,<br \/>\n 44T, 104BCD<\/li>\n<li>KMC e11S CHAIN<br \/>\n, 11 velocidades c\/ Missing Link\u2122<\/li>\n<li>Praxis BOTTOM BRACKET<br \/>\n, liga forjada M30, deslocamento personalizado<\/li>\n<li>SRAM NX derailleur<br \/>\nSRAM traseiro de 11 velocidades<\/li>\n<li>SRAM MUDAN\u00c7A<br \/>\n SRAM NX, 11 velocidades<\/li>\n<li>SUNRACE CASETTE,<br \/>\n CSMS7, 11-42t, 11 velocidades<\/li>\n<li>Disco RIMS 700C, profundidade da jante de<br \/>\n22mm, largura interna de 21mm<\/li>\n<li>DT Ind\u00fastria Su\u00ed\u00e7a R\u00c1DIOS\n<\/li>\n<li>PNEU.<br \/>\nNimbus II Refletor Desportivo, 700x38mm<\/li>\n<li>Pneu traseiro Nimbus II Sport Reflect,<br \/>\n700x38mm<\/li>\n<li>C\u00c2MERAS<br \/>\npadr\u00e3o 40mm PV 700&#215;32-50<\/li>\n<li>HUB FRONTAL<br \/>\n Disco de cubo dianteiroSpecialized, rolamentos de cartucho selados, 12x110mm, bloqueio\u2122 central, 24h<\/li>\n<li>CUBO TRASEIRO<br \/>\n Disco de cubo traseiroSpecialized bloqueio\u2122 central, rolamentos de cartucho selados, 12x148mm, 28h<\/li>\n<li>Bridge Sport SADDLE,<br \/>\n trilhos ocos cr-mo, 155mm<\/li>\n<li>Punhos de contorno de geometria Specialized<br \/>\n, lock-on<\/li>\n<li>STEM<br \/>\nSpecialized Stealth Stem, liga, 14 graus, 31,8 mm, montagem TCD integrada<\/li>\n<li>Specialized<br \/>\n especializado, liga, varredura traseira de 9 graus, eleva\u00e7\u00e3o de 15 mm, 31,8 mm<\/li>\n<li>SEATPOST<br \/>\nSpecialized, liga, parafuso duplo, 25mm offset, 27.2mm<br \/>\nE-Bike<\/li>\n<li>WIRING chicote de fia\u00e7\u00e3o Specialized<br \/>\n personalizado w \/ chargeport<\/li>\n<li>Carregador personalizado<br \/>\n, Sistema 48V c\/ ficha do carregador do sistema SL<\/li>\n<li>MOTOR<br \/>\nSpecialized SL 1.1, motor leve personalizado<\/li>\n<li>Specialized<br \/>\n especializada SL1-320, totalmente integrada, 320Wh<\/li>\n<li>UI\/REMOTE<br \/>\nSpecialized , 10-LED Estado de carga, 3-LED Ride Mode display, ANT + \/ Bluetooth\u00ae, w \/ Handlebar remoto<br \/>\nFrameset<\/li>\n<li>FRAME<br \/>\nE5 Alum\u00ednio, suporte inferior do motor, bateria downtube totalmente integrada, roteamento de cabos internos, para-lamas e suportes de rack frontal, soldas lisas<\/li>\n<li>Lezyne Ebike Hecto STVZO E65, 210Lumens, 12V LUZ<br \/>\n FRONTAL<\/li>\n<li>Lezyne Ebike Fender traseiro STVZO LUZ TRASEIRA,<br \/>\n 11Lumens, 12V<\/li>\n<li>Specialized para Passageiros c\/ fita<br \/>\n adesiva e refletores<\/li>\n<li>Specialized,<br \/>\n Alum\u00ednio<\/li>\n<li>KICKSTAND Kickstand<br \/>\nSpecialized , montagem de 40mm<\/li>\n<li>Turbo SL Rack RACK<br \/>\n, Plataforma fechada, montagem direta do para-lama, compat\u00edvel com Racktime, suspens\u00e3o de 15 kg\n<\/li>\n<li>Garfo de disco r\u00edgido de alum\u00ednio completo<br \/>\n, Boost\u2122 12x110mm, freios compat\u00edveis com<br \/>\nrack dianteiro<\/li>\n<li>Tektro HD-R290 FREIO DIANTEIRO,<br \/>\n disco hidr\u00e1ulico, 160mm<\/li>\n<li>Tektro HD-R290 FREIO TRASEIRO,<br \/>\n disco hidr\u00e1ulico, 160mm<\/li>\n<li>Peso<br \/>\n16.6kg (36 lb, 9.5 oz)<br \/>\nM<\/li>\n<\/ul>\n","protected":false},"excerpt":{"rendered":"<p>O Turbo Vado SL 4.0 \u00e9 melhor para os seus treinos, andar fora dos circuitos habituais e para aventuras de \u00faltima hora.<br \/>\nTudo o que voc\u00ea precisa fazer \u00e9 subir e partir. <\/p>\n","protected":false},"featured_media":305289,"comment_status":"closed","ping_status":"closed","template":"","meta":{"_acf_changed":false,"_et_pb_use_builder":"","_et_pb_old_content":"","_et_gb_content_width":"","inline_featured_image":false},"product_brand":[],"product_cat":[2459,391,2483,2460,3255,2696],"product_tag":[],"class_list":{"0":"post-384935","1":"product","2":"type-product","3":"status-publish","4":"has-post-thumbnail","6":"product_cat-bicicletas-pt-pt-2","7":"product_cat-eletricas","8":"product_cat-bicicletas-especializadas","9":"product_cat-ofertas-pt-pt","10":"product_cat-oferta-eletrica","11":"product_cat-ofertas-especializadas","12":"product_shipping_class-bicicletas-pt-pt","14":"first","15":"outofstock","16":"taxable","17":"shipping-taxable","18":"product-type-variable","19":"wvs-archive-product-wrapper"},"acf":[],"yoast_head":"<!-- This site is optimized with the Yoast SEO Premium plugin v26.7 (Yoast SEO v26.7) - https:\/\/yoast.com\/wordpress\/plugins\/seo\/ -->\n<title>Specialized Turbo Vado SL 4.0 EQ 2023 GR-100<\/title>\n<meta name=\"description\" content=\"Este \u00e9 o nosso Vado SL. Esta e-bike superleve foi concebida para lidar com qualquer situa\u00e7\u00e3o, desde desloca\u00e7\u00f5es di\u00e1rias atrav\u00e9s de paisagens urbanas at\u00e9 aos treinos mais r\u00e1pidos.\" \/>\n<meta name=\"robots\" content=\"index, follow, max-snippet:-1, max-image-preview:large, max-video-preview:-1\" \/>\n<link rel=\"canonical\" href=\"https:\/\/gr-100.com\/pt-pt\/producto\/especializado-turbo-vado-sl-4-0-eq-2023\/\" \/>\n<meta property=\"og:locale\" content=\"pt_PT\" \/>\n<meta property=\"og:type\" content=\"article\" \/>\n<meta property=\"og:title\" content=\"Specialized Turbo Vado SL 4.0 EQ 2023\" \/>\n<meta property=\"og:description\" content=\"Este \u00e9 o nosso Vado SL. Esta e-bike superleve foi concebida para lidar com qualquer situa\u00e7\u00e3o, desde desloca\u00e7\u00f5es di\u00e1rias atrav\u00e9s de paisagens urbanas at\u00e9 aos treinos mais r\u00e1pidos.\" \/>\n<meta property=\"og:url\" content=\"https:\/\/gr-100.com\/pt-pt\/producto\/especializado-turbo-vado-sl-4-0-eq-2023\/\" \/>\n<meta property=\"og:site_name\" content=\"Gr-100 Tienda de ciclismo Specialized\" \/>\n<meta property=\"article:publisher\" content=\"https:\/\/www.facebook.com\/Gr100Bikes\" \/>\n<meta property=\"article:modified_time\" content=\"2025-11-26T14:43:26+00:00\" \/>\n<meta property=\"og:image\" content=\"https:\/\/gr-100.com\/wp-content\/uploads\/2024\/05\/Turbo-Vado-SL-4.0-EQ-Black.jpg\" \/>\n\t<meta property=\"og:image:width\" content=\"1000\" \/>\n\t<meta property=\"og:image:height\" content=\"1000\" \/>\n\t<meta property=\"og:image:type\" content=\"image\/jpeg\" \/>\n<meta name=\"twitter:card\" content=\"summary_large_image\" \/>\n<meta name=\"twitter:label1\" content=\"Tempo estimado de leitura\" \/>\n\t<meta name=\"twitter:data1\" content=\"4 minutos\" \/>\n<script type=\"application\/ld+json\" class=\"yoast-schema-graph\">{\"@context\":\"https:\/\/schema.org\",\"@graph\":[{\"@type\":\"WebPage\",\"@id\":\"https:\/\/gr-100.com\/pt-pt\/producto\/especializado-turbo-vado-sl-4-0-eq-2023\/\",\"url\":\"https:\/\/gr-100.com\/pt-pt\/producto\/especializado-turbo-vado-sl-4-0-eq-2023\/\",\"name\":\"Specialized Turbo Vado SL 4.0 EQ 2023 GR-100\",\"isPartOf\":{\"@id\":\"https:\/\/gr-100.com\/#website\"},\"primaryImageOfPage\":{\"@id\":\"https:\/\/gr-100.com\/pt-pt\/producto\/especializado-turbo-vado-sl-4-0-eq-2023\/#primaryimage\"},\"image\":{\"@id\":\"https:\/\/gr-100.com\/pt-pt\/producto\/especializado-turbo-vado-sl-4-0-eq-2023\/#primaryimage\"},\"thumbnailUrl\":\"https:\/\/gr-100.com\/wp-content\/uploads\/2024\/05\/Turbo-Vado-SL-4.0-EQ-Black.jpg\",\"datePublished\":\"2024-07-01T12:06:11+00:00\",\"dateModified\":\"2025-11-26T14:43:26+00:00\",\"description\":\"Este \u00e9 o nosso Vado SL. Esta e-bike superleve foi concebida para lidar com qualquer situa\u00e7\u00e3o, desde desloca\u00e7\u00f5es di\u00e1rias atrav\u00e9s de paisagens urbanas at\u00e9 aos treinos mais r\u00e1pidos.\",\"breadcrumb\":{\"@id\":\"https:\/\/gr-100.com\/pt-pt\/producto\/especializado-turbo-vado-sl-4-0-eq-2023\/#breadcrumb\"},\"inLanguage\":\"pt-PT\",\"potentialAction\":[{\"@type\":\"ReadAction\",\"target\":[\"https:\/\/gr-100.com\/pt-pt\/producto\/especializado-turbo-vado-sl-4-0-eq-2023\/\"]}]},{\"@type\":\"ImageObject\",\"inLanguage\":\"pt-PT\",\"@id\":\"https:\/\/gr-100.com\/pt-pt\/producto\/especializado-turbo-vado-sl-4-0-eq-2023\/#primaryimage\",\"url\":\"https:\/\/gr-100.com\/wp-content\/uploads\/2024\/05\/Turbo-Vado-SL-4.0-EQ-Black.jpg\",\"contentUrl\":\"https:\/\/gr-100.com\/wp-content\/uploads\/2024\/05\/Turbo-Vado-SL-4.0-EQ-Black.jpg\",\"width\":1000,\"height\":1000},{\"@type\":\"BreadcrumbList\",\"@id\":\"https:\/\/gr-100.com\/pt-pt\/producto\/especializado-turbo-vado-sl-4-0-eq-2023\/#breadcrumb\",\"itemListElement\":[{\"@type\":\"ListItem\",\"position\":1,\"name\":\"Portada\",\"item\":\"https:\/\/gr-100.com\/en\/\"},{\"@type\":\"ListItem\",\"position\":2,\"name\":\"Productos\",\"item\":\"https:\/\/gr-100.com\/?post_type=product\"},{\"@type\":\"ListItem\",\"position\":3,\"name\":\"Specialized Turbo Vado SL 4.0 EQ 2023\"}]},{\"@type\":\"WebSite\",\"@id\":\"https:\/\/gr-100.com\/#website\",\"url\":\"https:\/\/gr-100.com\/\",\"name\":\"Gr-100 Tienda de ciclismo Specialized\",\"description\":\"GR-100 tenemos todas las gamas de bicicletas Specialized al mejor precio.\",\"publisher\":{\"@id\":\"https:\/\/gr-100.com\/#organization\"},\"alternateName\":\"Gr-100 Bikes\",\"potentialAction\":[{\"@type\":\"SearchAction\",\"target\":{\"@type\":\"EntryPoint\",\"urlTemplate\":\"https:\/\/gr-100.com\/?s={search_term_string}\"},\"query-input\":{\"@type\":\"PropertyValueSpecification\",\"valueRequired\":true,\"valueName\":\"search_term_string\"}}],\"inLanguage\":\"pt-PT\"},{\"@type\":\"Organization\",\"@id\":\"https:\/\/gr-100.com\/#organization\",\"name\":\"Gr-100\",\"url\":\"https:\/\/gr-100.com\/\",\"logo\":{\"@type\":\"ImageObject\",\"inLanguage\":\"pt-PT\",\"@id\":\"https:\/\/gr-100.com\/#\/schema\/logo\/image\/\",\"url\":\"https:\/\/gr-100.com\/wp-content\/uploads\/2023\/08\/logo-gr-100-bikes.png\",\"contentUrl\":\"https:\/\/gr-100.com\/wp-content\/uploads\/2023\/08\/logo-gr-100-bikes.png\",\"width\":707,\"height\":284,\"caption\":\"Gr-100\"},\"image\":{\"@id\":\"https:\/\/gr-100.com\/#\/schema\/logo\/image\/\"},\"sameAs\":[\"https:\/\/www.facebook.com\/Gr100Bikes\",\"https:\/\/www.instagram.com\/gr100bikes\/\",\"https:\/\/www.tiktok.com\/@gr100bikes\",\"https:\/\/twitter.com\/gr100mtbteam\",\"https:\/\/www.youtube.com\/c\/GR100Specialized\"]}]}<\/script>\n<!-- \/ Yoast SEO Premium plugin. -->","yoast_head_json":{"title":"Specialized Turbo Vado SL 4.0 EQ 2023 GR-100","description":"Este \u00e9 o nosso Vado SL. Esta e-bike superleve foi concebida para lidar com qualquer situa\u00e7\u00e3o, desde desloca\u00e7\u00f5es di\u00e1rias atrav\u00e9s de paisagens urbanas at\u00e9 aos treinos mais r\u00e1pidos.","robots":{"index":"index","follow":"follow","max-snippet":"max-snippet:-1","max-image-preview":"max-image-preview:large","max-video-preview":"max-video-preview:-1"},"canonical":"https:\/\/gr-100.com\/pt-pt\/producto\/especializado-turbo-vado-sl-4-0-eq-2023\/","og_locale":"pt_PT","og_type":"article","og_title":"Specialized Turbo Vado SL 4.0 EQ 2023","og_description":"Este \u00e9 o nosso Vado SL. Esta e-bike superleve foi concebida para lidar com qualquer situa\u00e7\u00e3o, desde desloca\u00e7\u00f5es di\u00e1rias atrav\u00e9s de paisagens urbanas at\u00e9 aos treinos mais r\u00e1pidos.","og_url":"https:\/\/gr-100.com\/pt-pt\/producto\/especializado-turbo-vado-sl-4-0-eq-2023\/","og_site_name":"Gr-100 Tienda de ciclismo Specialized","article_publisher":"https:\/\/www.facebook.com\/Gr100Bikes","article_modified_time":"2025-11-26T14:43:26+00:00","og_image":[{"width":1000,"height":1000,"url":"https:\/\/gr-100.com\/wp-content\/uploads\/2024\/05\/Turbo-Vado-SL-4.0-EQ-Black.jpg","type":"image\/jpeg"}],"twitter_card":"summary_large_image","twitter_misc":{"Tempo estimado de leitura":"4 minutos"},"schema":{"@context":"https:\/\/schema.org","@graph":[{"@type":"WebPage","@id":"https:\/\/gr-100.com\/pt-pt\/producto\/especializado-turbo-vado-sl-4-0-eq-2023\/","url":"https:\/\/gr-100.com\/pt-pt\/producto\/especializado-turbo-vado-sl-4-0-eq-2023\/","name":"Specialized Turbo Vado SL 4.0 EQ 2023 GR-100","isPartOf":{"@id":"https:\/\/gr-100.com\/#website"},"primaryImageOfPage":{"@id":"https:\/\/gr-100.com\/pt-pt\/producto\/especializado-turbo-vado-sl-4-0-eq-2023\/#primaryimage"},"image":{"@id":"https:\/\/gr-100.com\/pt-pt\/producto\/especializado-turbo-vado-sl-4-0-eq-2023\/#primaryimage"},"thumbnailUrl":"https:\/\/gr-100.com\/wp-content\/uploads\/2024\/05\/Turbo-Vado-SL-4.0-EQ-Black.jpg","datePublished":"2024-07-01T12:06:11+00:00","dateModified":"2025-11-26T14:43:26+00:00","description":"Este \u00e9 o nosso Vado SL. Esta e-bike superleve foi concebida para lidar com qualquer situa\u00e7\u00e3o, desde desloca\u00e7\u00f5es di\u00e1rias atrav\u00e9s de paisagens urbanas at\u00e9 aos treinos mais r\u00e1pidos.","breadcrumb":{"@id":"https:\/\/gr-100.com\/pt-pt\/producto\/especializado-turbo-vado-sl-4-0-eq-2023\/#breadcrumb"},"inLanguage":"pt-PT","potentialAction":[{"@type":"ReadAction","target":["https:\/\/gr-100.com\/pt-pt\/producto\/especializado-turbo-vado-sl-4-0-eq-2023\/"]}]},{"@type":"ImageObject","inLanguage":"pt-PT","@id":"https:\/\/gr-100.com\/pt-pt\/producto\/especializado-turbo-vado-sl-4-0-eq-2023\/#primaryimage","url":"https:\/\/gr-100.com\/wp-content\/uploads\/2024\/05\/Turbo-Vado-SL-4.0-EQ-Black.jpg","contentUrl":"https:\/\/gr-100.com\/wp-content\/uploads\/2024\/05\/Turbo-Vado-SL-4.0-EQ-Black.jpg","width":1000,"height":1000},{"@type":"BreadcrumbList","@id":"https:\/\/gr-100.com\/pt-pt\/producto\/especializado-turbo-vado-sl-4-0-eq-2023\/#breadcrumb","itemListElement":[{"@type":"ListItem","position":1,"name":"Portada","item":"https:\/\/gr-100.com\/en\/"},{"@type":"ListItem","position":2,"name":"Productos","item":"https:\/\/gr-100.com\/?post_type=product"},{"@type":"ListItem","position":3,"name":"Specialized Turbo Vado SL 4.0 EQ 2023"}]},{"@type":"WebSite","@id":"https:\/\/gr-100.com\/#website","url":"https:\/\/gr-100.com\/","name":"Gr-100 Tienda de ciclismo Specialized","description":"GR-100 tenemos todas las gamas de bicicletas Specialized al mejor precio.","publisher":{"@id":"https:\/\/gr-100.com\/#organization"},"alternateName":"Gr-100 Bikes","potentialAction":[{"@type":"SearchAction","target":{"@type":"EntryPoint","urlTemplate":"https:\/\/gr-100.com\/?s={search_term_string}"},"query-input":{"@type":"PropertyValueSpecification","valueRequired":true,"valueName":"search_term_string"}}],"inLanguage":"pt-PT"},{"@type":"Organization","@id":"https:\/\/gr-100.com\/#organization","name":"Gr-100","url":"https:\/\/gr-100.com\/","logo":{"@type":"ImageObject","inLanguage":"pt-PT","@id":"https:\/\/gr-100.com\/#\/schema\/logo\/image\/","url":"https:\/\/gr-100.com\/wp-content\/uploads\/2023\/08\/logo-gr-100-bikes.png","contentUrl":"https:\/\/gr-100.com\/wp-content\/uploads\/2023\/08\/logo-gr-100-bikes.png","width":707,"height":284,"caption":"Gr-100"},"image":{"@id":"https:\/\/gr-100.com\/#\/schema\/logo\/image\/"},"sameAs":["https:\/\/www.facebook.com\/Gr100Bikes","https:\/\/www.instagram.com\/gr100bikes\/","https:\/\/www.tiktok.com\/@gr100bikes","https:\/\/twitter.com\/gr100mtbteam","https:\/\/www.youtube.com\/c\/GR100Specialized"]}]}},"_links":{"self":[{"href":"https:\/\/gr-100.com\/pt-pt\/wp-json\/wp\/v2\/product\/384935","targetHints":{"allow":["GET"]}}],"collection":[{"href":"https:\/\/gr-100.com\/pt-pt\/wp-json\/wp\/v2\/product"}],"about":[{"href":"https:\/\/gr-100.com\/pt-pt\/wp-json\/wp\/v2\/types\/product"}],"replies":[{"embeddable":true,"href":"https:\/\/gr-100.com\/pt-pt\/wp-json\/wp\/v2\/comments?post=384935"}],"wp:featuredmedia":[{"embeddable":true,"href":"https:\/\/gr-100.com\/pt-pt\/wp-json\/wp\/v2\/media\/305289"}],"wp:attachment":[{"href":"https:\/\/gr-100.com\/pt-pt\/wp-json\/wp\/v2\/media?parent=384935"}],"wp:term":[{"taxonomy":"product_brand","embeddable":true,"href":"https:\/\/gr-100.com\/pt-pt\/wp-json\/wp\/v2\/product_brand?post=384935"},{"taxonomy":"product_cat","embeddable":true,"href":"https:\/\/gr-100.com\/pt-pt\/wp-json\/wp\/v2\/product_cat?post=384935"},{"taxonomy":"product_tag","embeddable":true,"href":"https:\/\/gr-100.com\/pt-pt\/wp-json\/wp\/v2\/product_tag?post=384935"}],"curies":[{"name":"wp","href":"https:\/\/api.w.org\/{rel}","templated":true}]}}